{"id":190,"date":"2025-04-06T13:24:11","date_gmt":"2025-04-06T11:24:11","guid":{"rendered":"https:\/\/casaprovence.com\/?page_id=190"},"modified":"2025-06-05T22:56:23","modified_gmt":"2025-06-05T20:56:23","slug":"suite-vue-mer","status":"publish","type":"page","link":"https:\/\/casaprovence.com\/index.php\/suite-vue-mer\/","title":{"rendered":"SUITE VUE MER"},"content":{"rendered":"\t\t<div data-elementor-type=\"wp-page\" data-elementor-id=\"190\" class=\"elementor elementor-190\" data-elementor-post-type=\"page\">\n\t\t\t\t<div class=\"elementor-element elementor-element-16832127 e-flex e-con-boxed e-con e-parent\" data-id=\"16832127\" data-element_type=\"container\" data-e-type=\"container\">\n\t\t\t\t\t<div class=\"e-con-inner\">\n\t\t<div class=\"elementor-element elementor-element-7fc370a9 e-con-full e-flex e-con e-child\" data-id=\"7fc370a9\" data-element_type=\"container\" data-e-type=\"container\">\n\t\t<div class=\"elementor-element elementor-element-557211e e-con-full e-flex e-con e-child\" data-id=\"557211e\" data-element_type=\"container\" data-e-type=\"container\">\n\t\t\t\t<div class=\"elementor-element elementor-element-29e4ce0a elementor-widget elementor-widget-heading\" data-id=\"29e4ce0a\" data-element_type=\"widget\" data-e-type=\"widget\" data-widget_type=\"heading.default\">\n\t\t\t\t<div class=\"elementor-widget-container\">\n\t\t\t\t\t<h1 class=\"elementor-heading-title elementor-size-default\">Suite Vue Mer<\/h1>\t\t\t\t<\/div>\n\t\t\t\t<\/div>\n\t\t\t\t<\/div>\n\t\t<div class=\"elementor-element elementor-element-9a2286f e-con-full e-flex e-con e-child\" data-id=\"9a2286f\" data-element_type=\"container\" data-e-type=\"container\">\n\t\t\t\t<div class=\"elementor-element elementor-element-8c04365 elementor-widget elementor-widget-text-editor\" data-id=\"8c04365\" data-element_type=\"widget\" data-e-type=\"widget\" data-widget_type=\"text-editor.default\">\n\t\t\t\t<div class=\"elementor-widget-container\">\n\t\t\t\t\t\t\t\t\t<p>Un \u00e9crin raffin\u00e9 face \u00e0 la mer, avec lit King Size, vue imprenable sur la M\u00e9diterran\u00e9e et d\u00e9coration \u00e9l\u00e9gante inspir\u00e9e de l\u2019art de vivre trop\u00e9zien. Id\u00e9al pour un s\u00e9jour reposant \u00e0 Saint-Tropez.<\/p>\t\t\t\t\t\t\t\t<\/div>\n\t\t\t\t<\/div>\n\t\t\t\t<\/div>\n\t\t<div class=\"elementor-element elementor-element-ae9b3d1 e-con-full e-flex e-con e-child\" data-id=\"ae9b3d1\" data-element_type=\"container\" data-e-type=\"container\">\n\t\t\t\t<div class=\"elementor-element elementor-element-272b316 elementor-align-center elementor-widget elementor-widget-button\" data-id=\"272b316\" data-element_type=\"widget\" data-e-type=\"widget\" data-widget_type=\"button.default\">\n\t\t\t\t<div class=\"elementor-widget-container\">\n\t\t\t\t\t\t\t\t\t<div class=\"elementor-button-wrapper\">\n\t\t\t\t\t<a class=\"elementor-button elementor-button-link elementor-size-sm\" href=\"https:\/\/app.mews.com\/distributor\/5e67bd71-a222-4454-9b66-b2c20076f9ba\" target=\"_blank\">\n\t\t\t\t\t\t<span class=\"elementor-button-content-wrapper\">\n\t\t\t\t\t\t\t\t\t<span class=\"elementor-button-text\">Je r\u00e9serve d\u00e8s maintenant<\/span>\n\t\t\t\t\t<\/span>\n\t\t\t\t\t<\/a>\n\t\t\t\t<\/div>\n\t\t\t\t\t\t\t\t<\/div>\n\t\t\t\t<\/div>\n\t\t\t\t<\/div>\n\t\t\t\t<\/div>\n\t\t<div class=\"elementor-element elementor-element-57e6d968 e-con-full e-flex e-con e-child\" data-id=\"57e6d968\" data-element_type=\"container\" data-e-type=\"container\">\n\t\t\t\t<div class=\"elementor-element elementor-element-28a676e9 elementor-widget elementor-widget-image\" data-id=\"28a676e9\" data-element_type=\"widget\" data-e-type=\"widget\" data-widget_type=\"image.default\">\n\t\t\t\t<div class=\"elementor-widget-container\">\n\t\t\t\t\t\t\t\t\t\t\t\t\t\t\t<img fetchpriority=\"high\" decoding=\"async\" width=\"800\" height=\"450\" src=\"https:\/\/casaprovence.com\/wp-content\/uploads\/2025\/06\/Suite-Vue-Mer-1024x576.jpg\" class=\"attachment-large size-large wp-image-736\" alt=\"Suite vue mer maison provence\" srcset=\"https:\/\/casaprovence.com\/wp-content\/uploads\/2025\/06\/Suite-Vue-Mer-1024x576.jpg 1024w, https:\/\/casaprovence.com\/wp-content\/uploads\/2025\/06\/Suite-Vue-Mer-300x169.jpg 300w, https:\/\/casaprovence.com\/wp-content\/uploads\/2025\/06\/Suite-Vue-Mer-768x432.jpg 768w, https:\/\/casaprovence.com\/wp-content\/uploads\/2025\/06\/Suite-Vue-Mer-1536x864.jpg 1536w, https:\/\/casaprovence.com\/wp-content\/uploads\/2025\/06\/Suite-Vue-Mer.jpg 1920w\" sizes=\"(max-width: 800px) 100vw, 800px\" \/>\t\t\t\t\t\t\t\t\t\t\t\t\t\t\t<\/div>\n\t\t\t\t<\/div>\n\t\t\t\t<\/div>\n\t\t\t\t\t<\/div>\n\t\t\t\t<\/div>\n\t\t<div class=\"elementor-element elementor-element-adb2785 e-flex e-con-boxed e-con e-parent\" data-id=\"adb2785\" data-element_type=\"container\" data-e-type=\"container\">\n\t\t\t\t\t<div class=\"e-con-inner\">\n\t\t<div class=\"elementor-element elementor-element-e2227bb e-con-full e-flex e-con e-child\" data-id=\"e2227bb\" data-element_type=\"container\" data-e-type=\"container\">\n\t\t\t\t<div class=\"elementor-element elementor-element-83479f6 elementor-widget elementor-widget-image\" data-id=\"83479f6\" data-element_type=\"widget\" data-e-type=\"widget\" data-widget_type=\"image.default\">\n\t\t\t\t<div class=\"elementor-widget-container\">\n\t\t\t\t\t\t\t\t\t\t\t\t\t\t\t<img decoding=\"async\" width=\"800\" height=\"600\" src=\"https:\/\/casaprovence.com\/wp-content\/uploads\/2025\/04\/salle_de_bain_maison_provence-1-1024x768.jpg\" class=\"attachment-large size-large wp-image-500\" alt=\"Image salle de bain Maison Provence\" srcset=\"https:\/\/casaprovence.com\/wp-content\/uploads\/2025\/04\/salle_de_bain_maison_provence-1-1024x768.jpg 1024w, https:\/\/casaprovence.com\/wp-content\/uploads\/2025\/04\/salle_de_bain_maison_provence-1-300x225.jpg 300w, https:\/\/casaprovence.com\/wp-content\/uploads\/2025\/04\/salle_de_bain_maison_provence-1-768x576.jpg 768w, https:\/\/casaprovence.com\/wp-content\/uploads\/2025\/04\/salle_de_bain_maison_provence-1-1536x1152.jpg 1536w, https:\/\/casaprovence.com\/wp-content\/uploads\/2025\/04\/salle_de_bain_maison_provence-1-2048x1536.jpg 2048w\" sizes=\"(max-width: 800px) 100vw, 800px\" \/>\t\t\t\t\t\t\t\t\t\t\t\t\t\t\t<\/div>\n\t\t\t\t<\/div>\n\t\t\t\t<\/div>\n\t\t<div class=\"elementor-element elementor-element-82221b9 e-con-full e-flex e-con e-child\" data-id=\"82221b9\" data-element_type=\"container\" data-e-type=\"container\">\n\t\t\t\t<\/div>\n\t\t<div class=\"elementor-element elementor-element-8f4a1bd e-con-full e-flex e-con e-child\" data-id=\"8f4a1bd\" data-element_type=\"container\" data-e-type=\"container\">\n\t\t\t\t<\/div>\n\t\t<div class=\"elementor-element elementor-element-b19c857 e-con-full e-flex e-con e-child\" data-id=\"b19c857\" data-element_type=\"container\" data-e-type=\"container\">\n\t\t\t\t<\/div>\n\t\t\t\t\t<\/div>\n\t\t\t\t<\/div>\n\t\t<div class=\"elementor-element elementor-element-670aa61a e-flex e-con-boxed e-con e-parent\" data-id=\"670aa61a\" data-element_type=\"container\" data-e-type=\"container\">\n\t\t\t\t\t<div class=\"e-con-inner\">\n\t\t<div class=\"elementor-element elementor-element-622f3cbe e-con-full e-flex e-con e-child\" data-id=\"622f3cbe\" data-element_type=\"container\" data-e-type=\"container\">\n\t\t\t\t<div class=\"elementor-element elementor-element-e36aca0 elementor-widget elementor-widget-heading\" data-id=\"e36aca0\" data-element_type=\"widget\" data-e-type=\"widget\" data-widget_type=\"heading.default\">\n\t\t\t\t<div class=\"elementor-widget-container\">\n\t\t\t\t\t<h2 class=\"elementor-heading-title elementor-size-default\">Description<\/h2>\t\t\t\t<\/div>\n\t\t\t\t<\/div>\n\t\t\t\t<\/div>\n\t\t<div class=\"elementor-element elementor-element-73a8a1b7 e-con-full e-flex e-con e-child\" data-id=\"73a8a1b7\" data-element_type=\"container\" data-e-type=\"container\">\n\t\t\t\t<div class=\"elementor-element elementor-element-3262f30f elementor-widget elementor-widget-text-editor\" data-id=\"3262f30f\" data-element_type=\"widget\" data-e-type=\"widget\" data-widget_type=\"text-editor.default\">\n\t\t\t\t<div class=\"elementor-widget-container\">\n\t\t\t\t\t\t\t\t\t<p class=\"\" data-start=\"1217\" data-end=\"1292\">Une fen\u00eatre ouverte sur l\u2019horizon azur et la piscine de Maison Provence<\/p><p class=\"\" data-start=\"1294\" data-end=\"1575\">D\u00e8s l\u2019instant o\u00f9 vous franchissez le seuil de la Suite Vue Mer, un spectacle saisissant s\u2019offre \u00e0 vous : l\u2019immensit\u00e9 bleue de la M\u00e9diterran\u00e9e. Depuis le lit King Size, profitez d\u2019un lever de soleil inoubliable, o\u00f9 les premi\u00e8res lueurs dor\u00e9es dansent sur les vagues.<\/p><p class=\"\" data-start=\"1577\" data-end=\"1843\">L\u2019atmosph\u00e8re y est apaisante et \u00e9l\u00e9gante, avec des tons naturels, du mobilier \u00e9pur\u00e9 inspir\u00e9 des villas trop\u00e9ziennes et des \u00e9toffes d\u00e9licates. Chaque d\u00e9tail a \u00e9t\u00e9 pens\u00e9 pour sublimer la vue spectaculaire et cr\u00e9er un univers de calme et de confort.<\/p><p class=\"\" data-start=\"1845\" data-end=\"2107\">La lumi\u00e8re naturelle inonde la pi\u00e8ce, offrant un cadre chaleureux \u00e0 toute heure de la journ\u00e9e. Cette suite sans terrasse mais dot\u00e9e d\u2019un panorama exceptionnel, vous offre un cocon intimiste avec vue mer, id\u00e9al pour se ressourcer dans un d\u00e9cor enchanteur.<\/p>\t\t\t\t\t\t\t\t<\/div>\n\t\t\t\t<\/div>\n\t\t\t\t<\/div>\n\t\t\t\t\t<\/div>\n\t\t\t\t<\/div>\n\t\t<div class=\"elementor-element elementor-element-73fae1b2 e-flex e-con-boxed e-con e-parent\" data-id=\"73fae1b2\" data-element_type=\"container\" data-e-type=\"container\">\n\t\t\t\t\t<div class=\"e-con-inner\">\n\t\t<div class=\"elementor-element elementor-element-4fbb7d0f e-con-full e-flex e-con e-child\" data-id=\"4fbb7d0f\" data-element_type=\"container\" data-e-type=\"container\">\n\t\t\t\t<div class=\"elementor-element elementor-element-27ab273f elementor-widget elementor-widget-heading\" data-id=\"27ab273f\" data-element_type=\"widget\" data-e-type=\"widget\" data-widget_type=\"heading.default\">\n\t\t\t\t<div class=\"elementor-widget-container\">\n\t\t\t\t\t<h2 class=\"elementor-heading-title elementor-size-default\">\u00c9quipement<\/h2>\t\t\t\t<\/div>\n\t\t\t\t<\/div>\n\t\t\t\t<\/div>\n\t\t<div class=\"elementor-element elementor-element-22194bd8 e-con-full e-flex e-con e-child\" data-id=\"22194bd8\" data-element_type=\"container\" data-e-type=\"container\">\n\t\t\t\t<div class=\"elementor-element elementor-element-1984129 elementor-widget elementor-widget-text-editor\" data-id=\"1984129\" data-element_type=\"widget\" data-e-type=\"widget\" data-widget_type=\"text-editor.default\">\n\t\t\t\t<div class=\"elementor-widget-container\">\n\t\t\t\t\t\t\t\t\t<p class=\"\" data-start=\"2561\" data-end=\"2593\">\u2728 Terrasse priv\u00e9e avec vue mer<\/p><p class=\"\" data-start=\"2596\" data-end=\"2618\">\u2728 Lit King Size (2m)<\/p><p class=\"\" data-start=\"2621\" data-end=\"2664\">\u2728 Salle de bain avec douche \u00e0 l\u2019italienne<\/p><p class=\"\" data-start=\"2667\" data-end=\"2702\">\u2728 Climatisation &amp; WiFi haut d\u00e9bit<\/p><p class=\"\" data-start=\"2705\" data-end=\"2716\">\u2728 Minibar<\/p><p class=\"\" data-start=\"2719\" data-end=\"2767\">\u2728 TV connect\u00e9e (Netflix, Prime Video, Disney+)<\/p><p class=\"\" data-start=\"2770\" data-end=\"2801\">\u2728 Produits d\u2019accueil parfum\u00e9s<\/p><p class=\"\" data-start=\"2804\" data-end=\"2840\">\u2728 Coffre-fort &amp; enceinte Bluetooth<\/p>\t\t\t\t\t\t\t\t<\/div>\n\t\t\t\t<\/div>\n\t\t\t\t<\/div>\n\t\t\t\t\t<\/div>\n\t\t\t\t<\/div>\n\t\t<div class=\"elementor-element elementor-element-5dfa5349 e-flex e-con-boxed e-con e-parent\" data-id=\"5dfa5349\" data-element_type=\"container\" data-e-type=\"container\">\n\t\t\t\t\t<div class=\"e-con-inner\">\n\t\t<div class=\"elementor-element elementor-element-60f5bc00 e-con-full e-flex e-con e-child\" data-id=\"60f5bc00\" data-element_type=\"container\" data-e-type=\"container\">\n\t\t\t\t<div class=\"elementor-element elementor-element-13b3db8e elementor-widget elementor-widget-heading\" data-id=\"13b3db8e\" data-element_type=\"widget\" data-e-type=\"widget\" data-widget_type=\"heading.default\">\n\t\t\t\t<div class=\"elementor-widget-container\">\n\t\t\t\t\t<h2 class=\"elementor-heading-title elementor-size-default\">Nos autres chambres<\/h2>\t\t\t\t<\/div>\n\t\t\t\t<\/div>\n\t\t\t\t<\/div>\n\t\t\t\t\t<\/div>\n\t\t\t\t<\/div>\n\t\t<div class=\"elementor-element elementor-element-5a1f6de3 e-flex e-con-boxed e-con e-parent\" data-id=\"5a1f6de3\" data-element_type=\"container\" data-e-type=\"container\">\n\t\t\t\t\t<div class=\"e-con-inner\">\n\t\t<div class=\"elementor-element elementor-element-3194f820 e-con-full e-flex e-con e-child\" data-id=\"3194f820\" data-element_type=\"container\" data-e-type=\"container\">\n\t\t<div class=\"elementor-element elementor-element-550d493d e-con-full e-flex e-con e-child\" data-id=\"550d493d\" data-element_type=\"container\" data-e-type=\"container\">\n\t\t\t\t<div class=\"elementor-element elementor-element-13413cb7 elementor-widget elementor-widget-image\" data-id=\"13413cb7\" data-element_type=\"widget\" data-e-type=\"widget\" data-widget_type=\"image.default\">\n\t\t\t\t<div class=\"elementor-widget-container\">\n\t\t\t\t\t\t\t\t\t\t\t\t\t\t\t<img decoding=\"async\" width=\"800\" height=\"450\" src=\"https:\/\/casaprovence.com\/wp-content\/uploads\/2025\/06\/Suite-terrasse-vue-mer-1024x576.jpg\" class=\"attachment-large size-large wp-image-737\" alt=\"Suite terrasse vue mer Maison Provence\" srcset=\"https:\/\/casaprovence.com\/wp-content\/uploads\/2025\/06\/Suite-terrasse-vue-mer-1024x576.jpg 1024w, https:\/\/casaprovence.com\/wp-content\/uploads\/2025\/06\/Suite-terrasse-vue-mer-300x169.jpg 300w, https:\/\/casaprovence.com\/wp-content\/uploads\/2025\/06\/Suite-terrasse-vue-mer-768x432.jpg 768w, https:\/\/casaprovence.com\/wp-content\/uploads\/2025\/06\/Suite-terrasse-vue-mer-1536x864.jpg 1536w, https:\/\/casaprovence.com\/wp-content\/uploads\/2025\/06\/Suite-terrasse-vue-mer.jpg 1920w\" sizes=\"(max-width: 800px) 100vw, 800px\" \/>\t\t\t\t\t\t\t\t\t\t\t\t\t\t\t<\/div>\n\t\t\t\t<\/div>\n\t\t<div class=\"elementor-element elementor-element-529b4aa8 e-con-full e-flex e-con e-child\" data-id=\"529b4aa8\" data-element_type=\"container\" data-e-type=\"container\">\n\t\t\t\t<div class=\"elementor-element elementor-element-7b8288f2 elementor-widget elementor-widget-heading\" data-id=\"7b8288f2\" data-element_type=\"widget\" data-e-type=\"widget\" data-widget_type=\"heading.default\">\n\t\t\t\t<div class=\"elementor-widget-container\">\n\t\t\t\t\t<h2 class=\"elementor-heading-title elementor-size-default\">Suite Terrasse Vue Mer<\/h2>\t\t\t\t<\/div>\n\t\t\t\t<\/div>\n\t\t\t\t<div class=\"elementor-element elementor-element-55c50779 elementor-widget elementor-widget-text-editor\" data-id=\"55c50779\" data-element_type=\"widget\" data-e-type=\"widget\" data-widget_type=\"text-editor.default\">\n\t\t\t\t<div class=\"elementor-widget-container\">\n\t\t\t\t\t\t\t\t\t<p>Un havre de paix avec une vue imprenable sur la M\u00e9diterran\u00e9e<\/p>\t\t\t\t\t\t\t\t<\/div>\n\t\t\t\t<\/div>\n\t\t\t\t<\/div>\n\t\t<div class=\"elementor-element elementor-element-3aa7b868 e-con-full e-flex e-con e-child\" data-id=\"3aa7b868\" data-element_type=\"container\" data-e-type=\"container\">\n\t\t\t\t<div class=\"elementor-element elementor-element-5773f312 elementor-align-center elementor-widget elementor-widget-button\" data-id=\"5773f312\" data-element_type=\"widget\" data-e-type=\"widget\" data-widget_type=\"button.default\">\n\t\t\t\t<div class=\"elementor-widget-container\">\n\t\t\t\t\t\t\t\t\t<div class=\"elementor-button-wrapper\">\n\t\t\t\t\t<a class=\"elementor-button elementor-button-link elementor-size-sm\" href=\"https:\/\/casaprovence.com\/index.php\/suite-terrasse-vue-mer-saint-tropez\/\">\n\t\t\t\t\t\t<span class=\"elementor-button-content-wrapper\">\n\t\t\t\t\t\t\t\t\t<span class=\"elementor-button-text\">En savoir +<\/span>\n\t\t\t\t\t<\/span>\n\t\t\t\t\t<\/a>\n\t\t\t\t<\/div>\n\t\t\t\t\t\t\t\t<\/div>\n\t\t\t\t<\/div>\n\t\t\t\t<\/div>\n\t\t\t\t<\/div>\n\t\t\t\t<\/div>\n\t\t\t\t<div class=\"elementor-element elementor-element-4a51fcb0 elementor-widget elementor-widget-spacer\" data-id=\"4a51fcb0\" data-element_type=\"widget\" data-e-type=\"widget\" data-widget_type=\"spacer.default\">\n\t\t\t\t<div class=\"elementor-widget-container\">\n\t\t\t\t\t\t\t<div class=\"elementor-spacer\">\n\t\t\t<div class=\"elementor-spacer-inner\"><\/div>\n\t\t<\/div>\n\t\t\t\t\t\t<\/div>\n\t\t\t\t<\/div>\n\t\t<div class=\"elementor-element elementor-element-33011732 e-con-full e-flex e-con e-child\" data-id=\"33011732\" data-element_type=\"container\" data-e-type=\"container\">\n\t\t<div class=\"elementor-element elementor-element-25cf93c6 e-con-full e-flex e-con e-child\" data-id=\"25cf93c6\" data-element_type=\"container\" data-e-type=\"container\">\n\t\t\t\t<div class=\"elementor-element elementor-element-31f15c91 elementor-widget elementor-widget-image\" data-id=\"31f15c91\" data-element_type=\"widget\" data-e-type=\"widget\" data-widget_type=\"image.default\">\n\t\t\t\t<div class=\"elementor-widget-container\">\n\t\t\t\t\t\t\t\t\t\t\t\t\t\t\t<img loading=\"lazy\" decoding=\"async\" width=\"800\" height=\"450\" src=\"https:\/\/casaprovence.com\/wp-content\/uploads\/2025\/06\/Suite-Terrasse-1024x576.jpg\" class=\"attachment-large size-large wp-image-738\" alt=\"Suite terrasse Maison Provence\" srcset=\"https:\/\/casaprovence.com\/wp-content\/uploads\/2025\/06\/Suite-Terrasse-1024x576.jpg 1024w, https:\/\/casaprovence.com\/wp-content\/uploads\/2025\/06\/Suite-Terrasse-300x169.jpg 300w, https:\/\/casaprovence.com\/wp-content\/uploads\/2025\/06\/Suite-Terrasse-768x432.jpg 768w, https:\/\/casaprovence.com\/wp-content\/uploads\/2025\/06\/Suite-Terrasse-1536x864.jpg 1536w, https:\/\/casaprovence.com\/wp-content\/uploads\/2025\/06\/Suite-Terrasse.jpg 1920w\" sizes=\"(max-width: 800px) 100vw, 800px\" \/>\t\t\t\t\t\t\t\t\t\t\t\t\t\t\t<\/div>\n\t\t\t\t<\/div>\n\t\t<div class=\"elementor-element elementor-element-648574a e-con-full e-flex e-con e-child\" data-id=\"648574a\" data-element_type=\"container\" data-e-type=\"container\">\n\t\t\t\t<div class=\"elementor-element elementor-element-2c6dbbdb elementor-widget elementor-widget-heading\" data-id=\"2c6dbbdb\" data-element_type=\"widget\" data-e-type=\"widget\" data-widget_type=\"heading.default\">\n\t\t\t\t<div class=\"elementor-widget-container\">\n\t\t\t\t\t<h2 class=\"elementor-heading-title elementor-size-default\">Suite Terrasse<\/h2>\t\t\t\t<\/div>\n\t\t\t\t<\/div>\n\t\t\t\t<div class=\"elementor-element elementor-element-8107be5 elementor-widget elementor-widget-text-editor\" data-id=\"8107be5\" data-element_type=\"widget\" data-e-type=\"widget\" data-widget_type=\"text-editor.default\">\n\t\t\t\t<div class=\"elementor-widget-container\">\n\t\t\t\t\t\t\t\t\t<p>Un \u00e9crin de s\u00e9r\u00e9nit\u00e9 avec terrasse priv\u00e9e<\/p>\t\t\t\t\t\t\t\t<\/div>\n\t\t\t\t<\/div>\n\t\t\t\t<\/div>\n\t\t<div class=\"elementor-element elementor-element-25f30a16 e-con-full e-flex e-con e-child\" data-id=\"25f30a16\" data-element_type=\"container\" data-e-type=\"container\">\n\t\t\t\t<div class=\"elementor-element elementor-element-b83c5c3 elementor-align-center elementor-widget elementor-widget-button\" data-id=\"b83c5c3\" data-element_type=\"widget\" data-e-type=\"widget\" data-widget_type=\"button.default\">\n\t\t\t\t<div class=\"elementor-widget-container\">\n\t\t\t\t\t\t\t\t\t<div class=\"elementor-button-wrapper\">\n\t\t\t\t\t<a class=\"elementor-button elementor-button-link elementor-size-sm\" href=\"https:\/\/casaprovence.com\/index.php\/suite-terrasse-saint-tropez\/\">\n\t\t\t\t\t\t<span class=\"elementor-button-content-wrapper\">\n\t\t\t\t\t\t\t\t\t<span class=\"elementor-button-text\">En savoir +<\/span>\n\t\t\t\t\t<\/span>\n\t\t\t\t\t<\/a>\n\t\t\t\t<\/div>\n\t\t\t\t\t\t\t\t<\/div>\n\t\t\t\t<\/div>\n\t\t\t\t<\/div>\n\t\t\t\t<\/div>\n\t\t\t\t<\/div>\n\t\t\t\t<div class=\"elementor-element elementor-element-3983c51f elementor-widget elementor-widget-spacer\" data-id=\"3983c51f\" data-element_type=\"widget\" data-e-type=\"widget\" data-widget_type=\"spacer.default\">\n\t\t\t\t<div class=\"elementor-widget-container\">\n\t\t\t\t\t\t\t<div class=\"elementor-spacer\">\n\t\t\t<div class=\"elementor-spacer-inner\"><\/div>\n\t\t<\/div>\n\t\t\t\t\t\t<\/div>\n\t\t\t\t<\/div>\n\t\t\t\t\t<\/div>\n\t\t\t\t<\/div>\n\t\t<div class=\"elementor-element elementor-element-8f574f0 e-flex e-con-boxed e-con e-parent\" data-id=\"8f574f0\" data-element_type=\"container\" data-e-type=\"container\">\n\t\t\t\t\t<div class=\"e-con-inner\">\n\t\t<div class=\"elementor-element elementor-element-7cab1d3 e-con-full e-flex e-con e-child\" data-id=\"7cab1d3\" data-element_type=\"container\" data-e-type=\"container\">\n\t\t\t\t<div class=\"elementor-element elementor-element-97ed129 elementor-widget elementor-widget-spacer\" data-id=\"97ed129\" data-element_type=\"widget\" data-e-type=\"widget\" data-widget_type=\"spacer.default\">\n\t\t\t\t<div class=\"elementor-widget-container\">\n\t\t\t\t\t\t\t<div class=\"elementor-spacer\">\n\t\t\t<div class=\"elementor-spacer-inner\"><\/div>\n\t\t<\/div>\n\t\t\t\t\t\t<\/div>\n\t\t\t\t<\/div>\n\t\t\t\t<\/div>\n\t\t\t\t\t<\/div>\n\t\t\t\t<\/div>\n\t\t\t\t<\/div>\n\t\t","protected":false},"excerpt":{"rendered":"<p>Suite Vue Mer Un \u00e9crin raffin\u00e9 face \u00e0 la mer, avec lit King Size, vue imprenable sur la M\u00e9diterran\u00e9e et d\u00e9coration \u00e9l\u00e9gante inspir\u00e9e de l\u2019art de vivre trop\u00e9zien. Id\u00e9al pour un s\u00e9jour reposant \u00e0 Saint-Tropez. Je r\u00e9serve d\u00e8s maintenant Description Une fen\u00eatre ouverte sur l\u2019horizon azur et la piscine de Maison Provence D\u00e8s l\u2019instant o\u00f9 [&hellip;]<\/p>\n","protected":false},"author":1,"featured_media":0,"parent":0,"menu_order":0,"comment_status":"closed","ping_status":"closed","template":"","meta":{"footnotes":""},"class_list":["post-190","page","type-page","status-publish","hentry"],"yoast_head":"<!-- This site is optimized with the Yoast SEO plugin v27.5 - https:\/\/yoast.com\/product\/yoast-seo-wordpress\/ -->\n<title>SUITE VUE MER - Maison Provence<\/title>\n<meta name=\"robots\" content=\"index, follow, max-snippet:-1, max-image-preview:large, max-video-preview:-1\" \/>\n<link rel=\"canonical\" href=\"https:\/\/casaprovence.com\/index.php\/suite-vue-mer\/\" \/>\n<meta property=\"og:locale\" content=\"en_US\" \/>\n<meta property=\"og:type\" content=\"article\" \/>\n<meta property=\"og:title\" content=\"SUITE VUE MER - Maison Provence\" \/>\n<meta property=\"og:description\" content=\"Suite Vue Mer Un \u00e9crin raffin\u00e9 face \u00e0 la mer, avec lit King Size, vue imprenable sur la M\u00e9diterran\u00e9e et d\u00e9coration \u00e9l\u00e9gante inspir\u00e9e de l\u2019art de vivre trop\u00e9zien. Id\u00e9al pour un s\u00e9jour reposant \u00e0 Saint-Tropez. Je r\u00e9serve d\u00e8s maintenant Description Une fen\u00eatre ouverte sur l\u2019horizon azur et la piscine de Maison Provence D\u00e8s l\u2019instant o\u00f9 [&hellip;]\" \/>\n<meta property=\"og:url\" content=\"https:\/\/casaprovence.com\/index.php\/suite-vue-mer\/\" \/>\n<meta property=\"og:site_name\" content=\"Maison Provence\" \/>\n<meta property=\"article:modified_time\" content=\"2025-06-05T20:56:23+00:00\" \/>\n<meta property=\"og:image\" content=\"http:\/\/casaprovence.com\/wp-content\/uploads\/2025\/06\/Suite-Vue-Mer-1024x576.jpg\" \/>\n<meta name=\"twitter:card\" content=\"summary_large_image\" \/>\n<meta name=\"twitter:label1\" content=\"Est. reading time\" \/>\n\t<meta name=\"twitter:data1\" content=\"3 minutes\" \/>\n<script type=\"application\/ld+json\" class=\"yoast-schema-graph\">{\"@context\":\"https:\\\/\\\/schema.org\",\"@graph\":[{\"@type\":\"WebPage\",\"@id\":\"https:\\\/\\\/casaprovence.com\\\/index.php\\\/suite-vue-mer\\\/\",\"url\":\"https:\\\/\\\/casaprovence.com\\\/index.php\\\/suite-vue-mer\\\/\",\"name\":\"SUITE VUE MER - Maison Provence\",\"isPartOf\":{\"@id\":\"https:\\\/\\\/casaprovence.com\\\/#website\"},\"primaryImageOfPage\":{\"@id\":\"https:\\\/\\\/casaprovence.com\\\/index.php\\\/suite-vue-mer\\\/#primaryimage\"},\"image\":{\"@id\":\"https:\\\/\\\/casaprovence.com\\\/index.php\\\/suite-vue-mer\\\/#primaryimage\"},\"thumbnailUrl\":\"http:\\\/\\\/casaprovence.com\\\/wp-content\\\/uploads\\\/2025\\\/06\\\/Suite-Vue-Mer-1024x576.jpg\",\"datePublished\":\"2025-04-06T11:24:11+00:00\",\"dateModified\":\"2025-06-05T20:56:23+00:00\",\"breadcrumb\":{\"@id\":\"https:\\\/\\\/casaprovence.com\\\/index.php\\\/suite-vue-mer\\\/#breadcrumb\"},\"inLanguage\":\"en-US\",\"potentialAction\":[{\"@type\":\"ReadAction\",\"target\":[\"https:\\\/\\\/casaprovence.com\\\/index.php\\\/suite-vue-mer\\\/\"]}]},{\"@type\":\"ImageObject\",\"inLanguage\":\"en-US\",\"@id\":\"https:\\\/\\\/casaprovence.com\\\/index.php\\\/suite-vue-mer\\\/#primaryimage\",\"url\":\"https:\\\/\\\/casaprovence.com\\\/wp-content\\\/uploads\\\/2025\\\/06\\\/Suite-Vue-Mer.jpg\",\"contentUrl\":\"https:\\\/\\\/casaprovence.com\\\/wp-content\\\/uploads\\\/2025\\\/06\\\/Suite-Vue-Mer.jpg\",\"width\":1920,\"height\":1080,\"caption\":\"Suite vue mer maison provence\"},{\"@type\":\"BreadcrumbList\",\"@id\":\"https:\\\/\\\/casaprovence.com\\\/index.php\\\/suite-vue-mer\\\/#breadcrumb\",\"itemListElement\":[{\"@type\":\"ListItem\",\"position\":1,\"name\":\"Accueil\",\"item\":\"https:\\\/\\\/casaprovence.com\\\/\"},{\"@type\":\"ListItem\",\"position\":2,\"name\":\"SUITE VUE MER\"}]},{\"@type\":\"WebSite\",\"@id\":\"https:\\\/\\\/casaprovence.com\\\/#website\",\"url\":\"https:\\\/\\\/casaprovence.com\\\/\",\"name\":\"Maison Provence\",\"description\":\"\",\"publisher\":{\"@id\":\"https:\\\/\\\/casaprovence.com\\\/#organization\"},\"potentialAction\":[{\"@type\":\"SearchAction\",\"target\":{\"@type\":\"EntryPoint\",\"urlTemplate\":\"https:\\\/\\\/casaprovence.com\\\/?s={search_term_string}\"},\"query-input\":{\"@type\":\"PropertyValueSpecification\",\"valueRequired\":true,\"valueName\":\"search_term_string\"}}],\"inLanguage\":\"en-US\"},{\"@type\":\"Organization\",\"@id\":\"https:\\\/\\\/casaprovence.com\\\/#organization\",\"name\":\"Maison Provence\",\"url\":\"https:\\\/\\\/casaprovence.com\\\/\",\"logo\":{\"@type\":\"ImageObject\",\"inLanguage\":\"en-US\",\"@id\":\"https:\\\/\\\/casaprovence.com\\\/#\\\/schema\\\/logo\\\/image\\\/\",\"url\":\"http:\\\/\\\/casaprovence.com\\\/wp-content\\\/uploads\\\/2025\\\/03\\\/logo_maison_provence_off-e1742314532976.jpg\",\"contentUrl\":\"http:\\\/\\\/casaprovence.com\\\/wp-content\\\/uploads\\\/2025\\\/03\\\/logo_maison_provence_off-e1742314532976.jpg\",\"width\":810,\"height\":600,\"caption\":\"Maison Provence\"},\"image\":{\"@id\":\"https:\\\/\\\/casaprovence.com\\\/#\\\/schema\\\/logo\\\/image\\\/\"},\"sameAs\":[\"https:\\\/\\\/www.instagram.com\\\/maisonprovence__\\\/\"]}]}<\/script>\n<!-- \/ Yoast SEO plugin. -->","yoast_head_json":{"title":"SUITE VUE MER - Maison Provence","robots":{"index":"index","follow":"follow","max-snippet":"max-snippet:-1","max-image-preview":"max-image-preview:large","max-video-preview":"max-video-preview:-1"},"canonical":"https:\/\/casaprovence.com\/index.php\/suite-vue-mer\/","og_locale":"en_US","og_type":"article","og_title":"SUITE VUE MER - Maison Provence","og_description":"Suite Vue Mer Un \u00e9crin raffin\u00e9 face \u00e0 la mer, avec lit King Size, vue imprenable sur la M\u00e9diterran\u00e9e et d\u00e9coration \u00e9l\u00e9gante inspir\u00e9e de l\u2019art de vivre trop\u00e9zien. Id\u00e9al pour un s\u00e9jour reposant \u00e0 Saint-Tropez. Je r\u00e9serve d\u00e8s maintenant Description Une fen\u00eatre ouverte sur l\u2019horizon azur et la piscine de Maison Provence D\u00e8s l\u2019instant o\u00f9 [&hellip;]","og_url":"https:\/\/casaprovence.com\/index.php\/suite-vue-mer\/","og_site_name":"Maison Provence","article_modified_time":"2025-06-05T20:56:23+00:00","og_image":[{"url":"http:\/\/casaprovence.com\/wp-content\/uploads\/2025\/06\/Suite-Vue-Mer-1024x576.jpg","type":"","width":"","height":""}],"twitter_card":"summary_large_image","twitter_misc":{"Est. reading time":"3 minutes"},"schema":{"@context":"https:\/\/schema.org","@graph":[{"@type":"WebPage","@id":"https:\/\/casaprovence.com\/index.php\/suite-vue-mer\/","url":"https:\/\/casaprovence.com\/index.php\/suite-vue-mer\/","name":"SUITE VUE MER - Maison Provence","isPartOf":{"@id":"https:\/\/casaprovence.com\/#website"},"primaryImageOfPage":{"@id":"https:\/\/casaprovence.com\/index.php\/suite-vue-mer\/#primaryimage"},"image":{"@id":"https:\/\/casaprovence.com\/index.php\/suite-vue-mer\/#primaryimage"},"thumbnailUrl":"http:\/\/casaprovence.com\/wp-content\/uploads\/2025\/06\/Suite-Vue-Mer-1024x576.jpg","datePublished":"2025-04-06T11:24:11+00:00","dateModified":"2025-06-05T20:56:23+00:00","breadcrumb":{"@id":"https:\/\/casaprovence.com\/index.php\/suite-vue-mer\/#breadcrumb"},"inLanguage":"en-US","potentialAction":[{"@type":"ReadAction","target":["https:\/\/casaprovence.com\/index.php\/suite-vue-mer\/"]}]},{"@type":"ImageObject","inLanguage":"en-US","@id":"https:\/\/casaprovence.com\/index.php\/suite-vue-mer\/#primaryimage","url":"https:\/\/casaprovence.com\/wp-content\/uploads\/2025\/06\/Suite-Vue-Mer.jpg","contentUrl":"https:\/\/casaprovence.com\/wp-content\/uploads\/2025\/06\/Suite-Vue-Mer.jpg","width":1920,"height":1080,"caption":"Suite vue mer maison provence"},{"@type":"BreadcrumbList","@id":"https:\/\/casaprovence.com\/index.php\/suite-vue-mer\/#breadcrumb","itemListElement":[{"@type":"ListItem","position":1,"name":"Accueil","item":"https:\/\/casaprovence.com\/"},{"@type":"ListItem","position":2,"name":"SUITE VUE MER"}]},{"@type":"WebSite","@id":"https:\/\/casaprovence.com\/#website","url":"https:\/\/casaprovence.com\/","name":"Maison Provence","description":"","publisher":{"@id":"https:\/\/casaprovence.com\/#organization"},"potentialAction":[{"@type":"SearchAction","target":{"@type":"EntryPoint","urlTemplate":"https:\/\/casaprovence.com\/?s={search_term_string}"},"query-input":{"@type":"PropertyValueSpecification","valueRequired":true,"valueName":"search_term_string"}}],"inLanguage":"en-US"},{"@type":"Organization","@id":"https:\/\/casaprovence.com\/#organization","name":"Maison Provence","url":"https:\/\/casaprovence.com\/","logo":{"@type":"ImageObject","inLanguage":"en-US","@id":"https:\/\/casaprovence.com\/#\/schema\/logo\/image\/","url":"http:\/\/casaprovence.com\/wp-content\/uploads\/2025\/03\/logo_maison_provence_off-e1742314532976.jpg","contentUrl":"http:\/\/casaprovence.com\/wp-content\/uploads\/2025\/03\/logo_maison_provence_off-e1742314532976.jpg","width":810,"height":600,"caption":"Maison Provence"},"image":{"@id":"https:\/\/casaprovence.com\/#\/schema\/logo\/image\/"},"sameAs":["https:\/\/www.instagram.com\/maisonprovence__\/"]}]}},"_links":{"self":[{"href":"https:\/\/casaprovence.com\/index.php\/wp-json\/wp\/v2\/pages\/190","targetHints":{"allow":["GET"]}}],"collection":[{"href":"https:\/\/casaprovence.com\/index.php\/wp-json\/wp\/v2\/pages"}],"about":[{"href":"https:\/\/casaprovence.com\/index.php\/wp-json\/wp\/v2\/types\/page"}],"author":[{"embeddable":true,"href":"https:\/\/casaprovence.com\/index.php\/wp-json\/wp\/v2\/users\/1"}],"replies":[{"embeddable":true,"href":"https:\/\/casaprovence.com\/index.php\/wp-json\/wp\/v2\/comments?post=190"}],"version-history":[{"count":52,"href":"https:\/\/casaprovence.com\/index.php\/wp-json\/wp\/v2\/pages\/190\/revisions"}],"predecessor-version":[{"id":767,"href":"https:\/\/casaprovence.com\/index.php\/wp-json\/wp\/v2\/pages\/190\/revisions\/767"}],"wp:attachment":[{"href":"https:\/\/casaprovence.com\/index.php\/wp-json\/wp\/v2\/media?parent=190"}],"curies":[{"name":"wp","href":"https:\/\/api.w.org\/{rel}","templated":true}]}}